{"id":11477,"date":"2017-04-13T21:47:24","date_gmt":"2017-04-13T21:47:24","guid":{"rendered":"http:\/\/192.168.1.3\/wordpress\/cuisine\/?page_id=11477"},"modified":"2022-12-02T15:51:17","modified_gmt":"2022-12-02T15:51:17","slug":"sur-mesure-verde-paris","status":"publish","type":"page","link":"https:\/\/verde-paris.fr\/en_en\/sur-mesure-verde-paris","title":{"rendered":"Concierge"},"content":{"rendered":"","protected":false},"excerpt":{"rendered":"","protected":false},"author":1,"featured_media":0,"parent":0,"menu_order":0,"comment_status":"closed","ping_status":"closed","template":"","meta":{"footnotes":""},"class_list":["post-11477","page","type-page","status-publish","hentry"],"yoast_head":"<!-- This site is optimized with the Yoast SEO plugin v14.9 - https:\/\/yoast.com\/wordpress\/plugins\/seo\/ -->\n<title>Ev\u00e8nements Restaurant Sur Mesure - VERDE Paris, pr\u00e8s des Champs Elys\u00e9es<\/title>\n<meta name=\"description\" content=\"A la recherche d&#039;un lieu unique pour votre prochain \u00e9v\u00e8nement majeur sur Paris et pr\u00e8s des Champs Elys\u00e9es ? D\u00e9couvrez sans tarder nos propositions uniques.\" \/>\n<meta name=\"robots\" content=\"index, follow, max-snippet:-1, max-image-preview:large, max-video-preview:-1\" \/>\n<link rel=\"canonical\" href=\"https:\/\/verde-paris.fr\/en_en\/sur-mesure-verde-paris\/\" \/>\n<meta property=\"og:locale\" content=\"en_GB\" \/>\n<meta property=\"og:type\" content=\"article\" \/>\n<meta property=\"og:title\" content=\"Ev\u00e8nements Restaurant Sur Mesure - VERDE Paris, pr\u00e8s des Champs Elys\u00e9es\" \/>\n<meta property=\"og:description\" content=\"A la recherche d&#039;un lieu unique pour votre prochain \u00e9v\u00e8nement majeur sur Paris et pr\u00e8s des Champs Elys\u00e9es ? D\u00e9couvrez sans tarder nos propositions uniques.\" \/>\n<meta property=\"og:url\" content=\"https:\/\/verde-paris.fr\/en_en\/sur-mesure-verde-paris\/\" \/>\n<meta property=\"og:site_name\" content=\"Restaurant Verde Paris\" \/>\n<meta property=\"article:modified_time\" content=\"2022-12-02T15:51:17+00:00\" \/>\n<meta name=\"twitter:card\" content=\"summary_large_image\" \/>\n<script type=\"application\/ld+json\" class=\"yoast-schema-graph\">{\"@context\":\"https:\/\/schema.org\",\"@graph\":[{\"@type\":\"WebSite\",\"@id\":\"https:\/\/verde-paris.fr\/en_en\/#website\",\"url\":\"https:\/\/verde-paris.fr\/en_en\/\",\"name\":\"Restaurant Verde Paris\",\"description\":\"Restaurant Bar \\u00e0 Paris\",\"potentialAction\":[{\"@type\":\"SearchAction\",\"target\":\"https:\/\/verde-paris.fr\/en_en\/?s={search_term_string}\",\"query-input\":\"required name=search_term_string\"}],\"inLanguage\":\"en-GB\"},{\"@type\":\"WebPage\",\"@id\":\"https:\/\/verde-paris.fr\/sur-mesure-verde-paris#webpage\",\"url\":\"https:\/\/verde-paris.fr\/sur-mesure-verde-paris\",\"name\":\"Ev\\u00e8nements Restaurant Sur Mesure - VERDE Paris, pr\\u00e8s des Champs Elys\\u00e9es\",\"isPartOf\":{\"@id\":\"https:\/\/verde-paris.fr\/en_en\/#website\"},\"datePublished\":\"2017-04-13T21:47:24+00:00\",\"dateModified\":\"2022-12-02T15:51:17+00:00\",\"description\":\"A la recherche d'un lieu unique pour votre prochain \\u00e9v\\u00e8nement majeur sur Paris et pr\\u00e8s des Champs Elys\\u00e9es ? D\\u00e9couvrez sans tarder nos propositions uniques.\",\"inLanguage\":\"en-GB\",\"potentialAction\":[{\"@type\":\"ReadAction\",\"target\":[\"https:\/\/verde-paris.fr\/sur-mesure-verde-paris\"]}]}]}<\/script>\n<!-- \/ Yoast SEO plugin. -->","_links":{"self":[{"href":"https:\/\/verde-paris.fr\/en_en\/wp-json\/wp\/v2\/pages\/11477","targetHints":{"allow":["GET"]}}],"collection":[{"href":"https:\/\/verde-paris.fr\/en_en\/wp-json\/wp\/v2\/pages"}],"about":[{"href":"https:\/\/verde-paris.fr\/en_en\/wp-json\/wp\/v2\/types\/page"}],"author":[{"embeddable":true,"href":"https:\/\/verde-paris.fr\/en_en\/wp-json\/wp\/v2\/users\/1"}],"replies":[{"embeddable":true,"href":"https:\/\/verde-paris.fr\/en_en\/wp-json\/wp\/v2\/comments?post=11477"}],"version-history":[{"count":2,"href":"https:\/\/verde-paris.fr\/en_en\/wp-json\/wp\/v2\/pages\/11477\/revisions"}],"predecessor-version":[{"id":12355,"href":"https:\/\/verde-paris.fr\/en_en\/wp-json\/wp\/v2\/pages\/11477\/revisions\/12355"}],"wp:attachment":[{"href":"https:\/\/verde-paris.fr\/en_en\/wp-json\/wp\/v2\/media?parent=11477"}],"curies":[{"name":"wp","href":"https:\/\/api.w.org\/{rel}","templated":true}]}}